{"id":19,"date":"2013-01-08T11:52:03","date_gmt":"2013-01-08T10:52:03","guid":{"rendered":"https:\/\/agriturismovillacru.it\/?page_id=19"},"modified":"2026-01-09T17:45:06","modified_gmt":"2026-01-09T16:45:06","slug":"appartamenti","status":"publish","type":"page","link":"https:\/\/agriturismovillacru.it\/de\/appartamenti\/","title":{"rendered":"Die Apartments"},"content":{"rendered":"<p style=\"text-align: justify;\">Der Obst-Anbau der Cruciano Bauernhof gibt die Namen der jeweiligen Wohnungen.<\/p>\n<p style=\"text-align: justify;\">Sorten Pflaumen:\u00a0<a title=\"Sorriso di Primavera\" href=\"https:\/\/agriturismovillacru.it\/sorriso-di-primavera\/\">Sorriso di Primavera<\/a>, <a title=\"Regina Claudia\" href=\"https:\/\/agriturismovillacru.it\/regina-claudia\/\">Regina Claudia<\/a>, <a title=\"Angeleno\" href=\"https:\/\/agriturismovillacru.it\/angeleno\/\">Angeleno<\/a>\u00a0und\u00a0<a title=\"Goccia d\u2019Oro\" href=\"https:\/\/agriturismovillacru.it\/goccia-doro\/\">Goccia d&#8217;Oro<\/a>.<\/p>\n<p style=\"text-align: justify;\">Kiwi-Sorten: <a title=\"Jingold\" href=\"https:\/\/agriturismovillacru.it\/jingold\/\">Jingold <\/a>e <a title=\"Summer\" href=\"https:\/\/agriturismovillacru.it\/summer\/\">Summer<\/a>.<!--more--><\/p>\n<h3><a href=\"https:\/\/agriturismovillacru.it\/angeleno\/\"><span style=\"color: #008000;\"><strong>The Smile of Spring<\/strong><\/span><\/a><\/h3>\n<p style=\"text-align: justify;\">Etage I f\u00fcr 2 Personen:\u00a0K\u00fcche, Schlafzimmer mit Doppelbett, Badezimmer, mit der M\u00f6glichkeit, weitere Betten oder Kinderbetten hinzuzuf\u00fcgen. Der Wohnung steht ein Pavillon im Garten vor dem Swimmingpool zur Verf\u00fcgung, der mit Tisch und St\u00fchlen ausgestattet ist<\/p>\n\r\n        <style type='text\/css'>\r\n            #gallery-1 {\r\n                margin: auto;\r\n\t\t\t\tmargin-top: 25px;\r\n            }\r\n            #gallery-1 .gallery-item {\r\n                float: left;\r\n                margin-top: 2px;\r\n                text-align: center;\r\n                width: 20%;           \r\n\t\t\t}\r\n            #gallery-1 img {\r\n\r\n            }\r\n            #gallery-1 .gallery-caption {\r\n                margin-left: 0;\r\n            }\r\n        <\/style>\r\n        <!-- see gallery_shortcode() in wp-includes\/media.php -->\r\n        <div id='gallery-1' class='gallery galleryid-19'><div class=\"gallery-item\"><a href=\"https:\/\/agriturismovillacru.it\/wp-content\/uploads\/2023\/01\/Appartamento-Sorriso-di-Primavera-cucina.jpg\"  rel=\"lightbox[19] prettyPhoto[gal]\"><img decoding=\"async\" src=\"https:\/\/agriturismovillacru.it\/wp-content\/uploads\/2023\/01\/Appartamento-Sorriso-di-Primavera-cucina-150x150.jpg\" alt=\"soggiorno &#8211; cucina\" class=\"gallery-image attachment-thumbnail\" \/><\/a><\/div><div class=\"gallery-item\"><a href=\"https:\/\/agriturismovillacru.it\/wp-content\/uploads\/2023\/01\/Sorriso-di-Primavera-.-cucina-2.jpg\"  rel=\"lightbox[19] prettyPhoto[gal]\"><img decoding=\"async\" src=\"https:\/\/agriturismovillacru.it\/wp-content\/uploads\/2023\/01\/Sorriso-di-Primavera-.-cucina-2-150x150.jpg\" alt=\"cucina\" class=\"gallery-image attachment-thumbnail\" \/><\/a><\/div><div class=\"gallery-item\"><a href=\"https:\/\/agriturismovillacru.it\/wp-content\/uploads\/2023\/01\/Appartamento-Sorriso-di-Primavera-letto-matrimoniale.jpg\"  rel=\"lightbox[19] prettyPhoto[gal]\"><img decoding=\"async\" src=\"https:\/\/agriturismovillacru.it\/wp-content\/uploads\/2023\/01\/Appartamento-Sorriso-di-Primavera-letto-matrimoniale-150x150.jpg\" alt=\"camera matrimoniale \" class=\"gallery-image attachment-thumbnail\" \/><\/a><\/div><div class=\"gallery-item\"><a href=\"https:\/\/agriturismovillacru.it\/wp-content\/uploads\/2023\/01\/Appartamento-Sorriso-di-Primavera-bagno.jpg\"  rel=\"lightbox[19] prettyPhoto[gal]\"><img decoding=\"async\" src=\"https:\/\/agriturismovillacru.it\/wp-content\/uploads\/2023\/01\/Appartamento-Sorriso-di-Primavera-bagno-150x150.jpg\" alt=\"bagno\" class=\"gallery-image attachment-thumbnail\" \/><\/a><\/div><div class=\"gallery-item\"><a href=\"https:\/\/agriturismovillacru.it\/wp-content\/uploads\/2023\/01\/Appartamento-Sorriso-di-Primavera-gazebo.jpg\"  rel=\"lightbox[19] prettyPhoto[gal]\"><img decoding=\"async\" src=\"https:\/\/agriturismovillacru.it\/wp-content\/uploads\/2023\/01\/Appartamento-Sorriso-di-Primavera-gazebo-150x150.jpg\" alt=\"gazebo\" class=\"gallery-image attachment-thumbnail\" \/><\/a><\/div><\/div>\n<h3><a href=\"https:\/\/agriturismovillacru.it\/summer\/\"><span style=\"color: #008000;\"><strong>Summer<\/strong><\/span><\/a><\/h3>\n<p>Etage I f\u00fcr zwei Personen: K\u00fcche, Esszimmer, Schlafzimmer mit Doppelbett, Badezimmer, Terrasse, mit der M\u00f6glichkeit, weitere Betten oder Kinderbetten hinzuzuf\u00fcgen.<\/p>\n\r\n        <style type='text\/css'>\r\n            #gallery-2 {\r\n                margin: auto;\r\n\t\t\t\tmargin-top: 25px;\r\n            }\r\n            #gallery-2 .gallery-item {\r\n                float: left;\r\n                margin-top: 2px;\r\n                text-align: center;\r\n                width: 20%;           \r\n\t\t\t}\r\n            #gallery-2 img {\r\n\r\n            }\r\n            #gallery-2 .gallery-caption {\r\n                margin-left: 0;\r\n            }\r\n        <\/style>\r\n        <!-- see gallery_shortcode() in wp-includes\/media.php -->\r\n        <div id='gallery-2' class='gallery galleryid-19'><div class=\"gallery-item\"><a href=\"https:\/\/agriturismovillacru.it\/wp-content\/uploads\/2018\/06\/1.jpg\"  rel=\"lightbox[19] prettyPhoto[gal]\"><img decoding=\"async\" src=\"https:\/\/agriturismovillacru.it\/wp-content\/uploads\/2018\/06\/1-150x150.jpg\" alt=\"cucina\" class=\"gallery-image attachment-thumbnail\" \/><\/a><\/div><div class=\"gallery-item\"><a href=\"https:\/\/agriturismovillacru.it\/wp-content\/uploads\/2018\/06\/2.jpg\"  rel=\"lightbox[19] prettyPhoto[gal]\"><img decoding=\"async\" src=\"https:\/\/agriturismovillacru.it\/wp-content\/uploads\/2018\/06\/2-150x150.jpg\" alt=\"soggiorno cucina\" class=\"gallery-image attachment-thumbnail\" \/><\/a><\/div><div class=\"gallery-item\"><a href=\"https:\/\/agriturismovillacru.it\/wp-content\/uploads\/2018\/06\/3.jpg\"  rel=\"lightbox[19] prettyPhoto[gal]\"><img decoding=\"async\" src=\"https:\/\/agriturismovillacru.it\/wp-content\/uploads\/2018\/06\/3-150x150.jpg\" alt=\"camera matrimoniale\" class=\"gallery-image attachment-thumbnail\" \/><\/a><\/div><div class=\"gallery-item\"><a href=\"https:\/\/agriturismovillacru.it\/wp-content\/uploads\/2018\/06\/4.jpg\"  rel=\"lightbox[19] prettyPhoto[gal]\"><img decoding=\"async\" src=\"https:\/\/agriturismovillacru.it\/wp-content\/uploads\/2018\/06\/4-150x150.jpg\" alt=\"bagno\" class=\"gallery-image attachment-thumbnail\" \/><\/a><\/div><div class=\"gallery-item\"><a href=\"https:\/\/agriturismovillacru.it\/wp-content\/uploads\/2018\/06\/5.jpg\"  rel=\"lightbox[19] prettyPhoto[gal]\"><img decoding=\"async\" src=\"https:\/\/agriturismovillacru.it\/wp-content\/uploads\/2018\/06\/5-150x150.jpg\" alt=\"terrazzo\" class=\"gallery-image attachment-thumbnail\" \/><\/a><\/div><\/div>\n<h3><a href=\"https:\/\/agriturismovillacru.it\/mansarda\/\"><span style=\"color: #008000;\"><strong>Mansard<\/strong><\/span><\/a><\/h3>\n<p style=\"text-align: justify;\">Zweiter Stock f\u00fcr 2 Personen: K\u00fcche, Schlafzimmer mit Doppelbett, Badezimmer. Es ist m\u00f6glich, Betten oder Kinderbetten hinzuzuf\u00fcgen. Der Wohnung steht ein Pavillon im Garten vor dem Swimmingpool zur Verf\u00fcgung, der mit Tisch und St\u00fchlen ausgestattet ist<\/p>\n\r\n        <style type='text\/css'>\r\n            #gallery-3 {\r\n                margin: auto;\r\n\t\t\t\tmargin-top: 25px;\r\n            }\r\n            #gallery-3 .gallery-item {\r\n                float: left;\r\n                margin-top: 2px;\r\n                text-align: center;\r\n                width: 20%;           \r\n\t\t\t}\r\n            #gallery-3 img {\r\n\r\n            }\r\n            #gallery-3 .gallery-caption {\r\n                margin-left: 0;\r\n            }\r\n        <\/style>\r\n        <!-- see gallery_shortcode() in wp-includes\/media.php -->\r\n        <div id='gallery-3' class='gallery galleryid-19'><div class=\"gallery-item\"><a href=\"https:\/\/agriturismovillacru.it\/wp-content\/uploads\/2013\/01\/Cucina.jpg\"  rel=\"lightbox[19] prettyPhoto[gal]\"><img decoding=\"async\" src=\"https:\/\/agriturismovillacru.it\/wp-content\/uploads\/2013\/01\/Cucina-150x150.jpg\" alt=\"soggiorno cucina\" class=\"gallery-image attachment-thumbnail\" \/><\/a><\/div><div class=\"gallery-item\"><a href=\"https:\/\/agriturismovillacru.it\/wp-content\/uploads\/2013\/01\/cucina-1.jpg\"  rel=\"lightbox[19] prettyPhoto[gal]\"><img decoding=\"async\" src=\"https:\/\/agriturismovillacru.it\/wp-content\/uploads\/2013\/01\/cucina-1-150x150.jpg\" alt=\"cucina\" class=\"gallery-image attachment-thumbnail\" \/><\/a><\/div><div class=\"gallery-item\"><a href=\"https:\/\/agriturismovillacru.it\/wp-content\/uploads\/2013\/01\/camera.jpg\"  rel=\"lightbox[19] prettyPhoto[gal]\"><img decoding=\"async\" src=\"https:\/\/agriturismovillacru.it\/wp-content\/uploads\/2013\/01\/camera-150x150.jpg\" alt=\"camera matrimoniale\" class=\"gallery-image attachment-thumbnail\" \/><\/a><\/div><div class=\"gallery-item\"><a href=\"https:\/\/agriturismovillacru.it\/wp-content\/uploads\/2013\/01\/bagno.jpg\"  rel=\"lightbox[19] prettyPhoto[gal]\"><img decoding=\"async\" src=\"https:\/\/agriturismovillacru.it\/wp-content\/uploads\/2013\/01\/bagno-150x150.jpg\" alt=\"bagno\" class=\"gallery-image attachment-thumbnail\" \/><\/a><\/div><div class=\"gallery-item\"><a href=\"https:\/\/agriturismovillacru.it\/wp-content\/uploads\/2023\/01\/Agriturismo-Villa-Cru-Gazebo-Mansarda.jpg\"  rel=\"lightbox[19] prettyPhoto[gal]\"><img decoding=\"async\" src=\"https:\/\/agriturismovillacru.it\/wp-content\/uploads\/2023\/01\/Agriturismo-Villa-Cru-Gazebo-Mansarda-150x150.jpg\" alt=\"gazebo\" class=\"gallery-image attachment-thumbnail\" \/><\/a><\/div><\/div>\n<p style=\"text-align: justify;\"><a href=\"https:\/\/agriturismovillacru.it\/angeleno\/\"><strong><span style=\"color: #008000;\">Angeleno<\/span><\/strong><\/a><\/p>\n<p style=\"text-align: justify;\">Etage I f\u00fcr 4 Personen:\u00a0K\u00fcche, Schlafzimmer mit Doppelbett, Schlafzimmer mit Einzelbett, Badezimmer, Terrasse, mit der M\u00f6glichkeit, weitere Betten oder Kinderbetten hinzuzuf\u00fcgen.<\/p>\n\r\n        <style type='text\/css'>\r\n            #gallery-4 {\r\n                margin: auto;\r\n\t\t\t\tmargin-top: 25px;\r\n            }\r\n            #gallery-4 .gallery-item {\r\n                float: left;\r\n                margin-top: 2px;\r\n                text-align: center;\r\n                width: 20%;           \r\n\t\t\t}\r\n            #gallery-4 img {\r\n\r\n            }\r\n            #gallery-4 .gallery-caption {\r\n                margin-left: 0;\r\n            }\r\n        <\/style>\r\n        <!-- see gallery_shortcode() in wp-includes\/media.php -->\r\n        <div id='gallery-4' class='gallery galleryid-19'><div class=\"gallery-item\"><a href=\"https:\/\/agriturismovillacru.it\/wp-content\/uploads\/2013\/01\/cucina-sala-angeleno.jpg\"  rel=\"lightbox[19] prettyPhoto[gal]\"><img decoding=\"async\" src=\"https:\/\/agriturismovillacru.it\/wp-content\/uploads\/2013\/01\/cucina-sala-angeleno-150x150.jpg\" alt=\"soggiorno cucina\" class=\"gallery-image attachment-thumbnail\" \/><\/a><\/div><div class=\"gallery-item\"><a href=\"https:\/\/agriturismovillacru.it\/wp-content\/uploads\/2013\/01\/camera-angeleno.jpg\"  rel=\"lightbox[19] prettyPhoto[gal]\"><img decoding=\"async\" src=\"https:\/\/agriturismovillacru.it\/wp-content\/uploads\/2013\/01\/camera-angeleno-150x150.jpg\" alt=\"camera matrimoniale\" class=\"gallery-image attachment-thumbnail\" \/><\/a><\/div><div class=\"gallery-item\"><a href=\"https:\/\/agriturismovillacru.it\/wp-content\/uploads\/2013\/01\/cameretta-angeleno.jpg\"  rel=\"lightbox[19] prettyPhoto[gal]\"><img decoding=\"async\" src=\"https:\/\/agriturismovillacru.it\/wp-content\/uploads\/2013\/01\/cameretta-angeleno-150x150.jpg\" alt=\"camera con 2 letti\" class=\"gallery-image attachment-thumbnail\" \/><\/a><\/div><div class=\"gallery-item\"><a href=\"https:\/\/agriturismovillacru.it\/wp-content\/uploads\/2013\/01\/bagno-angeleno.jpg\"  rel=\"lightbox[19] prettyPhoto[gal]\"><img decoding=\"async\" src=\"https:\/\/agriturismovillacru.it\/wp-content\/uploads\/2013\/01\/bagno-angeleno-150x150.jpg\" alt=\"bagno\" class=\"gallery-image attachment-thumbnail\" \/><\/a><\/div><div class=\"gallery-item\"><a href=\"https:\/\/agriturismovillacru.it\/wp-content\/uploads\/2013\/01\/terrazzo-angeleno.jpg\"  rel=\"lightbox[19] prettyPhoto[gal]\"><img decoding=\"async\" src=\"https:\/\/agriturismovillacru.it\/wp-content\/uploads\/2013\/01\/terrazzo-angeleno-150x150.jpg\" alt=\"terrazza\" class=\"gallery-image attachment-thumbnail\" \/><\/a><\/div><\/div>\n<h3><\/h3>\n<h3><a href=\"https:\/\/agriturismovillacru.it\/regina-claudia\/\"><strong><span style=\"color: #008000;\">Regina Claudia<\/span><\/strong><\/a><\/h3>\n<p style=\"text-align: justify;\">Etage I f\u00fcr 2 Personen: K\u00fcche, Schlafzimmer mit Doppelbett, Badezimmer, Terrasse. Mit der M\u00f6glichkeit, weitere Betten oder Kinderbetten hinzuzuf\u00fcgen.<\/p>\n\r\n        <style type='text\/css'>\r\n            #gallery-5 {\r\n                margin: auto;\r\n\t\t\t\tmargin-top: 25px;\r\n            }\r\n            #gallery-5 .gallery-item {\r\n                float: left;\r\n                margin-top: 2px;\r\n                text-align: center;\r\n                width: 20%;           \r\n\t\t\t}\r\n            #gallery-5 img {\r\n\r\n            }\r\n            #gallery-5 .gallery-caption {\r\n                margin-left: 0;\r\n            }\r\n        <\/style>\r\n        <!-- see gallery_shortcode() in wp-includes\/media.php -->\r\n        <div id='gallery-5' class='gallery galleryid-19'><div class=\"gallery-item\"><a href=\"https:\/\/agriturismovillacru.it\/wp-content\/uploads\/2023\/01\/Agriturismo-Villa-Cru-Regina-Claudia-cucina-e-tavolo.jpg\"  rel=\"lightbox[19] prettyPhoto[gal]\"><img decoding=\"async\" src=\"https:\/\/agriturismovillacru.it\/wp-content\/uploads\/2023\/01\/Agriturismo-Villa-Cru-Regina-Claudia-cucina-e-tavolo-150x150.jpg\" alt=\"soggiorno cucina\" class=\"gallery-image attachment-thumbnail\" \/><\/a><\/div><div class=\"gallery-item\"><a href=\"https:\/\/agriturismovillacru.it\/wp-content\/uploads\/2023\/01\/Regina-Claudia-divano-letto.jpg\"  rel=\"lightbox[19] prettyPhoto[gal]\"><img decoding=\"async\" src=\"https:\/\/agriturismovillacru.it\/wp-content\/uploads\/2023\/01\/Regina-Claudia-divano-letto-150x150.jpg\" alt=\"divano letto\" class=\"gallery-image attachment-thumbnail\" \/><\/a><\/div><div class=\"gallery-item\"><a href=\"https:\/\/agriturismovillacru.it\/wp-content\/uploads\/2023\/01\/Agriturismo-Villa-Cru-Regina-Claudia-letto-matrimoniale.jpg\"  rel=\"lightbox[19] prettyPhoto[gal]\"><img decoding=\"async\" src=\"https:\/\/agriturismovillacru.it\/wp-content\/uploads\/2023\/01\/Agriturismo-Villa-Cru-Regina-Claudia-letto-matrimoniale-150x150.jpg\" alt=\"letto matrimoniale\" class=\"gallery-image attachment-thumbnail\" \/><\/a><\/div><div class=\"gallery-item\"><a href=\"https:\/\/agriturismovillacru.it\/wp-content\/uploads\/2023\/01\/Agriturismo-Villa-Cru-Regina-Claudia-bagno.jpg\"  rel=\"lightbox[19] prettyPhoto[gal]\"><img decoding=\"async\" src=\"https:\/\/agriturismovillacru.it\/wp-content\/uploads\/2023\/01\/Agriturismo-Villa-Cru-Regina-Claudia-bagno-150x150.jpg\" alt=\"bagno\" class=\"gallery-image attachment-thumbnail\" \/><\/a><\/div><div class=\"gallery-item\"><a href=\"https:\/\/agriturismovillacru.it\/wp-content\/uploads\/2023\/01\/Agriturismo-Villa-Cru-Regina-Claudia-terrazzo-con-tavolo-e-sedie.jpg\"  rel=\"lightbox[19] prettyPhoto[gal]\"><img decoding=\"async\" src=\"https:\/\/agriturismovillacru.it\/wp-content\/uploads\/2023\/01\/Agriturismo-Villa-Cru-Regina-Claudia-terrazzo-con-tavolo-e-sedie-150x150.jpg\" alt=\"terrazza\" class=\"gallery-image attachment-thumbnail\" \/><\/a><\/div><\/div>\n","protected":false},"excerpt":{"rendered":"<p>Der Obst-Anbau der Cruciano Bauernhof gibt die Namen der jeweiligen Wohnungen. Sorten Pflaumen:\u00a0Sorriso di Primavera, Regina Claudia, Angeleno\u00a0und\u00a0Goccia d&#8217;Oro. Kiwi-Sorten: Jingold e Summer.<\/p>\n","protected":false},"author":2,"featured_media":0,"parent":0,"menu_order":0,"comment_status":"open","ping_status":"closed","template":"fullwidth.php","meta":{"footnotes":""},"class_list":["post-19","page","type-page","status-publish","hentry"],"_links":{"self":[{"href":"https:\/\/agriturismovillacru.it\/de\/wp-json\/wp\/v2\/pages\/19","targetHints":{"allow":["GET"]}}],"collection":[{"href":"https:\/\/agriturismovillacru.it\/de\/wp-json\/wp\/v2\/pages"}],"about":[{"href":"https:\/\/agriturismovillacru.it\/de\/wp-json\/wp\/v2\/types\/page"}],"author":[{"embeddable":true,"href":"https:\/\/agriturismovillacru.it\/de\/wp-json\/wp\/v2\/users\/2"}],"replies":[{"embeddable":true,"href":"https:\/\/agriturismovillacru.it\/de\/wp-json\/wp\/v2\/comments?post=19"}],"version-history":[{"count":1,"href":"https:\/\/agriturismovillacru.it\/de\/wp-json\/wp\/v2\/pages\/19\/revisions"}],"predecessor-version":[{"id":1868,"href":"https:\/\/agriturismovillacru.it\/de\/wp-json\/wp\/v2\/pages\/19\/revisions\/1868"}],"wp:attachment":[{"href":"https:\/\/agriturismovillacru.it\/de\/wp-json\/wp\/v2\/media?parent=19"}],"curies":[{"name":"wp","href":"https:\/\/api.w.org\/{rel}","templated":true}]}}